{"version":"1.0","provider_name":"Weingut Seckler","provider_url":"https:\/\/www.secklerwein.de\/shop","title":"2022 Cuv\u00e9e Noir trocken - Weingut Seckler","type":"rich","width":600,"height":338,"html":"<blockquote class=\"wp-embedded-content\" data-secret=\"ukih0Dqlgj\"><a href=\"https:\/\/www.secklerwein.de\/shop\/weine\/53-cuvee-noir-trocken\/\">2022 Cuv\u00e9e Noir trocken<\/a><\/blockquote><iframe sandbox=\"allow-scripts\" security=\"restricted\" src=\"https:\/\/www.secklerwein.de\/shop\/weine\/53-cuvee-noir-trocken\/embed\/#?secret=ukih0Dqlgj\" width=\"600\" height=\"338\" title=\"&#8222;2022 Cuv\u00e9e Noir trocken&#8220; &#8211; Weingut Seckler\" data-secret=\"ukih0Dqlgj\" frameborder=\"0\" marginwidth=\"0\" marginheight=\"0\" scrolling=\"no\" class=\"wp-embedded-content\"><\/iframe><script>\n\/*! This file is auto-generated *\/\n!function(d,l){\"use strict\";l.querySelector&&d.addEventListener&&\"undefined\"!=typeof URL&&(d.wp=d.wp||{},d.wp.receiveEmbedMessage||(d.wp.receiveEmbedMessage=function(e){var t=e.data;if((t||t.secret||t.message||t.value)&&!\/[^a-zA-Z0-9]\/.test(t.secret)){for(var s,r,n,a=l.querySelectorAll('iframe[data-secret=\"'+t.secret+'\"]'),o=l.querySelectorAll('blockquote[data-secret=\"'+t.secret+'\"]'),c=new RegExp(\"^https?:$\",\"i\"),i=0;i<o.length;i++)o[i].style.display=\"none\";for(i=0;i<a.length;i++)s=a[i],e.source===s.contentWindow&&(s.removeAttribute(\"style\"),\"height\"===t.message?(1e3<(r=parseInt(t.value,10))?r=1e3:~~r<200&&(r=200),s.height=r):\"link\"===t.message&&(r=new URL(s.getAttribute(\"src\")),n=new URL(t.value),c.test(n.protocol))&&n.host===r.host&&l.activeElement===s&&(d.top.location.href=t.value))}},d.addEventListener(\"message\",d.wp.receiveEmbedMessage,!1),l.addEventListener(\"DOMContentLoaded\",function(){for(var e,t,s=l.querySelectorAll(\"iframe.wp-embedded-content\"),r=0;r<s.length;r++)(t=(e=s[r]).getAttribute(\"data-secret\"))||(t=Math.random().toString(36).substring(2,12),e.src+=\"#?secret=\"+t,e.setAttribute(\"data-secret\",t)),e.contentWindow.postMessage({message:\"ready\",secret:t},\"*\")},!1)))}(window,document);\n\/\/# sourceURL=https:\/\/www.secklerwein.de\/shop\/wp-includes\/js\/wp-embed.min.js\n<\/script>\n","thumbnail_url":"https:\/\/www.secklerwein.de\/shop\/wp-content\/uploads\/2018\/11\/53-2022-CuveeNoir-front.png","thumbnail_width":377,"thumbnail_height":1200,"description":"Ehemals \"Dreiklang Rotwein Cuv\u00e9e\" - jetzt neu abgef\u00fcllt als \"Cuv\u00e9e Noir\"  Unser Cuve\u00e9 Noir Rotwein ist eine Komposition aus unseren roten Rebsorten, die sich in hervorragender Weise erg\u00e4nzen: Sp\u00e4tburgunder, Dornfelder und Accent. Zur Geschmacks- und Farbhamonisierung reift dieser Cuv\u00e9e fast drei Jahre in Holz- und Barriquef\u00e4ssern. Erst kurz vor der Weinlese des \u00fcbern\u00e4chsten Jahres wird er abgef\u00fcllt.  Der Cuv\u00e9e Noir ist tiefrot mit leichten rubin-roten Reflexen. Er bietet eine au\u00dfergew\u00f6hnlich breites, facettenreiches Spektrum an Duft und Geschmacksnuancen. Das spannende Spiel von Frucht- und Beerenaromen, der pikante leicht-w\u00fcrzge Geschmack, die reifen Tanninen und die feine Holznote, die den Wein harmonisch abrundet, verleihen dem Wein einen angenehmen und ausdruckvollen Charakter.  Ein kr\u00e4ftiger und doch fein balancierter Rotwein mit hervorragendem Alterungspotential.  &nbsp;"}